{"id":3442,"date":"2023-10-23T16:39:16","date_gmt":"2023-10-23T14:39:16","guid":{"rendered":"https:\/\/www.vaderoarna.com\/reise-til-oya\/"},"modified":"2026-01-08T14:01:28","modified_gmt":"2026-01-08T13:01:28","slug":"reise-til-oya","status":"publish","type":"page","link":"https:\/\/www.vaderoarna.com\/no\/reise-til-oya\/","title":{"rendered":"Reise til \u00f8ya"},"content":{"rendered":"<div class=\"block-container block-acf-hero\"><div class=\"block is-acf-block acf-hero\"><div class=\"hero hero--design-1 wp-block-acf-hero\">\t<div class=\"container\">\n\t<div class=\"hero-image-wrapper\">\n\t\t\t\t\t\t\t\t\t<picture><source media=\"(min-width: 992px)\" srcset=\"\/wp-content\/uploads\/2025\/09\/V-106-low-2379x1350-c-center.webp 1x\" type=\"image\/webp\" fetchpriority=\"high\"><source media=\"(min-width: 576px)\" srcset=\"\/wp-content\/uploads\/2025\/09\/V-106-low-768x768-c-center.webp 1x\" type=\"image\/webp\" fetchpriority=\"high\"><source media=\"(min-width: 0px)\" srcset=\"\/wp-content\/uploads\/2025\/09\/V-106-low-430x797-c-center.webp 1x\" type=\"image\/webp\" fetchpriority=\"high\"><img srcset=\"\/wp-content\/uploads\/2025\/09\/V-106-low-2379x1350-c-center.webp\" class=\"\" alt=\"\" fetchpriority=\"high\"><\/picture>\n\t\t\t\t\t\t<\/div>\n\t<div class=\"hero-content-wrapper gradient-0 row\">\n\t\t<div class=\"col-12 col-md-6 order-2 order-md-1 no-margin-padding\">\n\t\t\t<div class=\"hero-fade-bg\">\n\t\t\t\t<div class=\"hero__content\">\n\t\t\t\t\t<div class=\"hero__content__inner\">\n\t\t\t\t\t\t<div class=\"acf-innerblocks-container\">\n<div class=\"block-container block-acf-breadcrumbs\"><div class=\"block is-acf-block acf-breadcrumbs\"><div class=\"wp-block-acf-breadcrumbs wp-elements-78\"><ul class=\"breadcrumbs d-flex\">\n\t \n\t<li class=\"breadcrumbs__item has-white-color has-text-color\">\n\t\t\t\t\t<a href=\"https:\/\/www.vaderoarna.com\/no\/\">Hjem<\/a>\n\t\t\t<\/li>\n\t \n\t<li class=\"breadcrumbs__item has-white-color has-text-color\">\n\t\t\t\t\t<span class=\"breadcrumbs__item__active\">Reise til \u00f8ya<\/span>\n\t\t\t<\/li>\n\t<\/ul>\n\n<\/div><\/div><\/div>\n\n<div class=\"block-container block-core-heading\"><div class=\"block is-wp-block core-heading\">\n<h1 class=\"wp-block-heading has-secondary-color has-text-color\" style=\"text-transform:uppercase\">b\u00e5t til V\u00e4der\u00f6arna <\/h1>\n<\/div><\/div>\n\n<div class=\"block-container block-core-paragraph\"><div class=\"block is-wp-block core-paragraph\">\n<p class=\"has-white-color has-text-color has-link-color wp-elements-79 wp-block-paragraph\"><strong>En b\u00e5ttur som er like mye opplevelse som transport.<\/strong><\/p>\n<\/div><\/div>\n\n<div class=\"block-container block-core-paragraph\"><div class=\"block is-wp-block core-paragraph\">\n<p class=\"has-white-color has-text-color has-link-color wp-elements-80 wp-block-paragraph\">\u00c5 reise til V\u00e4der\u00f6arna er \u00e5 reise gjennom en av verdens vakreste skj\u00e6rg\u00e5rder<\/p>\n<\/div><\/div>\n\n<div class=\"block-container block-acf-iconlist\"><div class=\"block is-acf-block acf-iconlist\"><div class=\"wp-block-acf-iconlist\">\t<ul class=\"icon-list has-white-color has-text-color\" style=\"\">\n\t\t\t<li class=\"icon-list__item d-flex align-items-center\">\n\t\t\t<span class=\"material-symbols-outlined\">\n\t\t\t\tdirections_boat\n\t\t\t<\/span>\n\t\t\tB\u00e5ttransport fra SEK 500 per person tur og retur. 550 kr per person i sommerperioden (15. juni \u2013 16. august)\n\t\t<\/li>\n\t\t\t<li class=\"icon-list__item d-flex align-items-center\">\n\t\t\t<span class=\"material-symbols-outlined\">\n\t\t\t\tav_timer\n\t\t\t<\/span>\n\t\t\tTransporten tar ca. 35 minutter\n\t\t<\/li>\n\t\t\t<li class=\"icon-list__item d-flex align-items-center\">\n\t\t\t<span class=\"material-symbols-outlined\">\n\t\t\t\tcalendar_month\n\t\t\t<\/span>\n\t\t\tPlass m\u00e5 alltid forh\u00e5ndsbestilles\n\t\t<\/li>\n\t\t\t<li class=\"icon-list__item d-flex align-items-center\">\n\t\t\t<span class=\"material-symbols-outlined\">\n\t\t\t\tcalendar_month\n\t\t\t<\/span>\n\t\t\t\u00c5pent hele \u00e5ret\n\t\t<\/li>\n\t\t<\/ul>\n\n<\/div><\/div><\/div>\n<\/div>\n\t\t\t\t\t<\/div>\n\t\t\t\t<\/div>\n\t\t\t<\/div>\n\t\t<\/div>\n\t<\/div>\n<\/div>\n<\/div><\/div><\/div>\n\n<div class=\"block-container block-core-heading aligncenter\"><div class=\"block is-wp-block core-heading\">\n<h3 class=\"wp-block-heading has-text-align-center\">REISE GJENNOM DEN <br>VAKRESTE \u00d8YGRUPPEN I VERDEN<\/h3>\n<\/div><\/div>\n\n<div class=\"block-container block-core-paragraph aligncenter\"><div class=\"block is-wp-block core-paragraph\">\n<p class=\"has-text-align-center wp-block-paragraph\"><strong>V\u00e5re b\u00e5ter tar deg ut til \u00f8ygruppen utenfor Hamburgsund og Fj\u00e4llbacka, med hav, svaberg og \u00f8yer som f\u00f8lge hele veien.<\/strong> <br>Turen starter i Hamburgsund, hvor du kan parkere bilen i gangavstand til v\u00e5r brygge.<br>Om sommeren g\u00e5r det ogs\u00e5 avganger via Fj\u00e4llbacka \u2013 se rutetabell.V\u00e5re b\u00e5ter ligger rett ved taubanen i Hamburgsund. N\u00e5r vi legger fra kai, g\u00e5r reisen gjennom det pittoreske sundet, via de s\u00f8rlige delene av Fj\u00e4llbackas vakre skj\u00e6rg\u00e5rd, f\u00f8r vi krysser V\u00e4der\u00f6fjorden og til slutt ankommer havnen p\u00e5 Stor\u00f6 \/ V\u00e4der\u00f6arna.<\/p>\n<\/div><\/div>\n\n<div class=\"block-container block-core-media-text alignwide\"><div class=\"block is-wp-block core-media-text\">\n<div class=\"wp-block-media-text alignwide is-stacked-on-mobile is-vertically-aligned-top has-background\" style=\"background:linear-gradient(135deg,rgb(238,238,238) 44%,rgb(169,184,195) 100%)\"><figure class=\"wp-block-media-text__media\"><img loading=\"lazy\" decoding=\"async\" width=\"800\" height=\"464\" src=\"https:\/\/www.vaderoarna.com\/wp-content\/uploads\/2023\/10\/vaderoarna_karta.png\" alt=\"Kart p\u00e5 b\u00e5ten til V\u00e4der\u00f6arna.\" class=\"wp-image-423 size-full\" srcset=\"https:\/\/www.vaderoarna.com\/wp-content\/uploads\/2023\/10\/vaderoarna_karta.png 800w, https:\/\/www.vaderoarna.com\/wp-content\/uploads\/2023\/10\/vaderoarna_karta-300x174.png 300w, https:\/\/www.vaderoarna.com\/wp-content\/uploads\/2023\/10\/vaderoarna_karta-768x445.png 768w\" sizes=\"auto, (max-width: 800px) 100vw, 800px\" \/><\/figure><div class=\"wp-block-media-text__content\"><div class=\"block-container block-core-heading\"><div class=\"block is-wp-block core-heading\">\n<h3 class=\"wp-block-heading\">Hur l\u00e5ng tid tar resan?<\/h3>\n<\/div><\/div>\n\n<div class=\"block-container block-core-paragraph\"><div class=\"block is-wp-block core-paragraph\">\n<p class=\"wp-block-paragraph\">Resan \u00e4r cirka 8 sj\u00f6mil l\u00e5ng och tar ungef\u00e4r<strong> 35 minuter<\/strong>.<\/p>\n<\/div><\/div>\n\n<div class=\"block-container block-core-paragraph\"><div class=\"block is-wp-block core-paragraph\">\n<p class=\"wp-block-paragraph\">Tiden ombord \u00e4r en del av upplevelsen \u2013 h\u00e4r finns gott om tillf\u00e4llen att njuta av havet och sk\u00e4rg\u00e5rdens storslagna landskap och med lite tur p\u00e5 v\u00e4gen ut kanske vi f\u00e5r se n\u00e5gra s\u00e4lar!<\/p>\n<\/div><\/div><\/div><\/div>\n<\/div><\/div>\n\n<div class=\"block-container block-core-heading\"><div class=\"block is-wp-block core-heading\">\n<h3 class=\"wp-block-heading\">Hvor ofte g\u00e5r b\u00e5ten til V\u00e4der\u00f6arna?<\/h3>\n<\/div><\/div>\n\n<div class=\"block-container block-core-paragraph alignwide\"><div class=\"block is-wp-block core-paragraph\">\n<p class=\"alignwide has-text-align-wide wp-block-paragraph\">B\u00e5ttrafikken til og fra \u00f8ya finner sted mer eller mindre daglig hele \u00e5ret, med forbehold om endringer . hele \u00e5ret.<\/p>\n<\/div><\/div>\n\n<div class=\"block-container block-core-paragraph\"><div class=\"block is-wp-block core-paragraph\">\n<p class=\"wp-block-paragraph\"><strong>Plasser p\u00e5 b\u00e5tene m\u00e5 alltid forh\u00e5ndsbestilles!<\/strong><br><\/p>\n<\/div><\/div>\n\n<div class=\"block-container block-core-paragraph\"><div class=\"block is-wp-block core-paragraph\">\n<p class=\"wp-block-paragraph\">Se rutetidene for de ulike sesongene nedenfor. Har du problemer med \u00e5 se tabellen<a href=\"https:\/\/www.vaderoarna.com\/wp-content\/uploads\/2023\/11\/Tidtabell.pdf\">, klikk her<\/a>.<\/p>\n<\/div><\/div>\n\n<div class=\"block-container block-core-separator alignwide\"><div class=\"block is-wp-block core-separator\">\n<hr class=\"wp-block-separator alignwide has-text-color has-secondary-color has-alpha-channel-opacity has-secondary-background-color has-background\"\/>\n<\/div><\/div>\n\n<div class=\"block-container block-core-paragraph\"><div class=\"block is-wp-block core-paragraph\">\n<p class=\"has-secondary-color has-text-color has-link-color has-large-font-size wp-elements-81 wp-block-paragraph\"><mark style=\"background-color:rgba(0, 0, 0, 0);color:#ff6900\" class=\"has-inline-color\"><strong>LAVSESONGTIDER GJELDER FRA 25. AUGUST TIL 22. JUNI<\/strong><\/mark><\/p>\n<\/div><\/div>\n\n<div class=\"block-container block-core-table alignwide\"><div class=\"block is-wp-block core-table\">\n<figure class=\"wp-block-table alignwide\"><table class=\"has-fixed-layout\"><thead><tr><th class=\"has-text-align-left\" data-align=\"left\"><mark style=\"background-color:rgba(0, 0, 0, 0);color:#ff6900\" class=\"has-inline-color\"><mark style=\"background-color:rgba(0, 0, 0, 0);color:#ff6900\" class=\"has-inline-color\"><strong>LAVSESONGTIDER<\/strong><\/mark><\/mark><\/th><th><\/th><\/tr><tr><th class=\"has-text-align-left\" data-align=\"left\">Fr\u00e5n <br>Hamburgsund<\/th><th>Fr\u00e5n \u00f6n<\/th><\/tr><\/thead><tbody><tr><td class=\"has-text-align-left\" data-align=\"left\">10.00<\/td><td>11.00<\/td><\/tr><tr><td class=\"has-text-align-left\" data-align=\"left\">12.00<\/td><td>13.30<\/td><\/tr><tr><td class=\"has-text-align-left\" data-align=\"left\">15.00<\/td><td>16.00<\/td><\/tr><\/tbody><\/table><\/figure>\n<\/div><\/div>\n\n<div class=\"block-container block-core-paragraph\"><div class=\"block is-wp-block core-paragraph\">\n<p class=\"has-secondary-color has-text-color has-link-color has-large-font-size wp-elements-82 wp-block-paragraph\"><mark style=\"background-color:rgba(0, 0, 0, 0);color:#ff6900\" class=\"has-inline-color\"><strong>F\u00d8R- OG ETTERSESONGTIDER GJELDER FRA 23. JUNI TIL OG MED 13. JULI SAMT 4. AUGUST TIL OG MED 24. AUGUST<\/strong><\/mark><\/p>\n<\/div><\/div>\n\n<div class=\"block-container block-core-table alignwide\"><div class=\"block is-wp-block core-table\">\n<figure class=\"wp-block-table alignwide\"><table class=\"has-fixed-layout\"><thead><tr><th><mark style=\"background-color:rgba(0, 0, 0, 0);color:#ff6900\" class=\"has-inline-color\"><mark style=\"background-color:rgba(0, 0, 0, 0);color:#ff6900\" class=\"has-inline-color\"><strong>F\u00d8R- OG ETTERSESONGTIDER<\/strong><\/mark><\/mark><\/th><th><\/th><th><\/th><\/tr><tr><th>Fr\u00e5n <br>Hamburgsund<\/th><th>Fr\u00e5n <br>Fj\u00e4llbacka<\/th><th>Fr\u00e5n \u00f6n<\/th><\/tr><\/thead><tbody><tr><td>10.00<\/td><td>10:30<\/td><td>11.00<\/td><\/tr><tr><td>12.00<\/td><td>12:30<\/td><td>13.30<\/td><\/tr><tr><td>15.00<\/td><td>15:30<\/td><td>16.00<\/td><\/tr><\/tbody><\/table><\/figure>\n<\/div><\/div>\n\n<div class=\"block-container block-core-paragraph\"><div class=\"block is-wp-block core-paragraph\">\n<p class=\"has-large-font-size wp-block-paragraph\"><mark style=\"background-color:rgba(0, 0, 0, 0);color:#ff6900\" class=\"has-inline-color\"><strong>H\u00d8YSESONGTIDER GJELDER FRA 14. JULI TIL OG MED 3. AUGUST<\/strong><\/mark><\/p>\n<\/div><\/div>\n\n<div class=\"block-container block-core-table alignwide\"><div class=\"block is-wp-block core-table\">\n<figure class=\"wp-block-table alignwide\"><table class=\"has-fixed-layout\"><thead><tr><th><mark style=\"background-color:rgba(0, 0, 0, 0);color:#ff6900\" class=\"has-inline-color\"><mark style=\"background-color:rgba(0, 0, 0, 0);color:#ff6900\" class=\"has-inline-color\"><strong>H\u00d8YSESONGTIDE<\/strong><\/mark><\/mark>R<mark style=\"background-color:rgba(0, 0, 0, 0);color:#ff6900\" class=\"has-inline-color\"> <\/mark><\/th><th><\/th><th><\/th><\/tr><tr><th>Fr\u00e5n<br>Hamburgsund<\/th><th>Fr\u00e5n <br>Fj\u00e4llbacka<\/th><th>Fr\u00e5n \u00f6n<\/th><\/tr><\/thead><tbody><tr><td>10.00<\/td><td>10:30<\/td><td>11.00<\/td><\/tr><tr><td>10:30<\/td><td>11:00<\/td><td>11:30<\/td><\/tr><tr><td>12.00<\/td><td>12:30<\/td><td>13.30<\/td><\/tr><tr><td>12:30<\/td><td>13:00<\/td><td>14:30<\/td><\/tr><tr><td>14:30<\/td><td>15:00<\/td><td>15:30<\/td><\/tr><tr><td>16:00<\/td><td><\/td><td>16:45<\/td><\/tr><\/tbody><\/table><\/figure>\n<\/div><\/div>\n\n<div class=\"block-container block-core-paragraph\"><div class=\"block is-wp-block core-paragraph\">\n<p class=\"wp-block-paragraph\">For korrekte avgangstider, vennligst kontakt bookingkontoret p\u00e5 +46 525 320 01 eller <a href=\"mailto:info@vaderoarna.com\">info@vaderoarna.com<\/a><\/p>\n<\/div><\/div>\n\n<div class=\"block-container block-core-heading\"><div class=\"block is-wp-block core-heading\">\n<h3 class=\"wp-block-heading\"><strong>B\u00e5ttur i lavsesongen<\/strong><\/h3>\n<\/div><\/div>\n\n<div class=\"block-container block-core-paragraph\"><div class=\"block is-wp-block core-paragraph\">\n<p class=\"wp-block-paragraph\">B\u00e5tene g\u00e5r fra Hamburgsund i lavsesongen med ca. 3 avganger per dag etter behov, med forbehold om endringer.<\/p>\n<\/div><\/div>\n\n<div class=\"block-container block-core-paragraph\"><div class=\"block is-wp-block core-paragraph\">\n<p class=\"wp-block-paragraph\">For korrekte avgangstider, vennligst kontakt bookingkontoret p\u00e5 +46 525 320 01 eller <a href=\"mailto:info@vaderoarna.com\">info@vaderoarna.com<\/a><\/p>\n<\/div><\/div>\n\n<div class=\"block-container block-core-heading\"><div class=\"block is-wp-block core-heading\">\n<h3 class=\"wp-block-heading\">Er det mulig \u00e5 reise med b\u00e5t til V\u00e4der\u00f6arna fra andre steder?<\/h3>\n<\/div><\/div>\n\n<div class=\"block-container block-core-paragraph\"><div class=\"block is-wp-block core-paragraph\">\n<p class=\"wp-block-paragraph\">Det er ogs\u00e5 mulig \u00e5 bestille b\u00e5tturer og transport til og fra andre steder i omr\u00e5det v\u00e5rt. B\u00e5tene v\u00e5re tar opptil 12 passasjerer og kan ogs\u00e5 frakte last. Ta kontakt med oss med din foresp\u00f8rsel om b\u00e5ttransport, telefon +46 525 320 01 eller <a href=\"mailto:info@vaderoarna.com\">info@vaderoarna.com.<\/a><\/p>\n<\/div><\/div>\n\n<div class=\"block-container block-core-heading\"><div class=\"block is-wp-block core-heading\">\n<h3 class=\"wp-block-heading\">Skyttelbuss<\/h3>\n<\/div><\/div>\n\n<div class=\"block-container block-core-paragraph\"><div class=\"block is-wp-block core-paragraph\">\n<p class=\"wp-block-paragraph\">Hvis du reiser med tog eller fly, kan vi hente deg med minibussen v\u00e5r som tar maksimalt 8 passasjerer.<br>Kontakt oss for \u00e5 bestille skyttelbuss.<\/p>\n<\/div><\/div>\n\n<div class=\"block-container block-core-group alignfull\"><div class=\"block is-wp-block core-group\">\n<div class=\"wp-block-group alignfull has-primary-background-color has-background is-layout-constrained wp-block-group-is-layout-constrained\"><div class=\"block-container block-core-heading\"><div class=\"block is-wp-block core-heading\">\n<h2 class=\"wp-block-heading has-white-color has-text-color\" style=\"text-transform:uppercase\">bestille b\u00e5ttaxi eller godstransport<\/h2>\n<\/div><\/div>\n\n<div class=\"block-container block-core-paragraph\"><div class=\"block is-wp-block core-paragraph\">\n<p class=\"has-white-color has-text-color has-link-color wp-elements-83 wp-block-paragraph\">Vil du ta b\u00e5t til festen eller frakte varer i Fj\u00e4llbacka skj\u00e6rg\u00e5rd? B\u00e5tene v\u00e5re kan frakte passasjerer og last til alle brygger med tilstrekkelig dybde. Vi tilbyr raske, komfortable og trygge reiser i henhold til dine \u00f8nsker.<\/p>\n<\/div><\/div>\n\n<div class=\"block-container block-core-paragraph\"><div class=\"block is-wp-block core-paragraph\">\n<p class=\"has-white-color has-text-color has-link-color wp-elements-84 wp-block-paragraph\">Kontakt oss for mer informasjon og bestilling: +46 525-320 01 eller <a href=\"mailto:info@vaderoarna.com\">info@vaderoarna.com<\/a><\/p>\n<\/div><\/div>\n\n<div class=\"block-container block-acf-cards\"><div class=\"block is-acf-block acf-cards\"><div class=\"wp-block-acf-cards\">\t\t\t\n\t\n\t\t<div class=\"row \">\n\t\t\t\t\t\t<div class=\"col-12 col-md-3 puff__col\">\n\t\t\t\t<div class=\"puff__item puff__item--3-4 \" style=\"\">\n\t\t\t\t\t<div class=\"puff__item__body\">\n\t\t\t\t\t\t\t\t\t\t\t\t\t<div class=\"puff__img\" data-link=\"\">\n\t\t\t\t\t\t\t\t\t\t\t\t\t\t\t\t\t<picture><source type=\"image\/webp\" media=\"(min-width: 992px)\" data-srcset=\"\/wp-content\/uploads\/2023\/10\/plogjarnet_pavagin-306x188-c-center.webp 1x, \/wp-content\/uploads\/2023\/10\/plogjarnet_pavagin-612x376-c-center.webp 2x\" \/><source media=\"(min-width: 992px)\" data-srcset=\"\/wp-content\/uploads\/2023\/10\/plogjarnet_pavagin-306x188-c-center.jpg 1x, \/wp-content\/uploads\/2023\/10\/plogjarnet_pavagin-612x376-c-center.jpg 2x\" \/><source type=\"image\/webp\" media=\"(min-width: 768px)\" data-srcset=\"\/wp-content\/uploads\/2023\/10\/plogjarnet_pavagin-348x214-c-center.webp 1x, \/wp-content\/uploads\/2023\/10\/plogjarnet_pavagin-696x428-c-center.webp 2x\" \/><source media=\"(min-width: 768px)\" data-srcset=\"\/wp-content\/uploads\/2023\/10\/plogjarnet_pavagin-348x214-c-center.jpg 1x, \/wp-content\/uploads\/2023\/10\/plogjarnet_pavagin-696x428-c-center.jpg 2x\" \/><img class=\"lazy\" alt=\"plogjarnet_pavagin\" data-srcset=\"\/wp-content\/uploads\/2023\/10\/plogjarnet_pavagin-348x214-c-center.jpg\" \/><\/picture>\n\t\t\t\t\t\t\t\t\t\t\t\t\t\t\t\t\t\t\t\t\t\t\t<\/div>\n\t\t\t\t\t\t\t\t\t\t\t\t<div class=\"puff__content\">\n\t\t\t\t\t\t\t\t\t\t\t\t\t\t\t\t\t<h3 class=\"h4\">PLOGJ\u00c4RNET<\/h3>\n\t\t\t\t\t\t\t\t\n\t\t\t\t\t\t\t\t\n\t\t\t\t\t\t\t\t\n\t\t\t\t\t\t\t\t\t\t\t\t\t\t\t\t\t<div class=\"puff__text\"><p><strong>Bygget:<\/strong> 2013<br \/>\n<strong>Skipsverft:<\/strong> Catapult Catamarans Ltd, England<br \/>\n<strong>Loa:<\/strong> 11,95 meter<br \/>\n<strong>Maksimal bredde<\/strong>: 4,87 meter<br \/>\n<strong>Maskiner:<\/strong> 2 x Iveco M45<br \/>\n<strong>Marsjfart<\/strong>: 16 knop<br \/>\n<strong>Kapasitet:<\/strong> 12 passasjerer<\/p>\n<\/div>\n\t\t\t\t\t\t\t\t\n\t\t\t\t\t\t\t\t\t\t\t\t\t\t<\/div>\n\t\t\t\t\t<\/div>\n\t\t\t\t\t<div class=\"puff__item__footer\">\n\t\t\t\t\t\n\t\t\t\t\t\t\t\t\t\t<\/div>\n\t\t\t\t<\/div>\n\t\t\t<\/div>\n\t\t\t\t\t\t<div class=\"col-12 col-md-3 puff__col\">\n\t\t\t\t<div class=\"puff__item puff__item--3-4 \" style=\"\">\n\t\t\t\t\t<div class=\"puff__item__body\">\n\t\t\t\t\t\t\t\t\t\t\t\t\t<div class=\"puff__img\" data-link=\"\">\n\t\t\t\t\t\t\t\t\t\t\t\t\t\t\t\t\t<picture><source type=\"image\/webp\" media=\"(min-width: 992px)\" data-srcset=\"\/wp-content\/uploads\/2023\/10\/bredbogen_plogjarnet-306x188-c-center.webp 1x, \/wp-content\/uploads\/2023\/10\/bredbogen_plogjarnet-612x376-c-center.webp 2x\" \/><source media=\"(min-width: 992px)\" data-srcset=\"\/wp-content\/uploads\/2023\/10\/bredbogen_plogjarnet-306x188-c-center.jpg 1x, \/wp-content\/uploads\/2023\/10\/bredbogen_plogjarnet-612x376-c-center.jpg 2x\" \/><source type=\"image\/webp\" media=\"(min-width: 768px)\" data-srcset=\"\/wp-content\/uploads\/2023\/10\/bredbogen_plogjarnet-348x214-c-center.webp 1x, \/wp-content\/uploads\/2023\/10\/bredbogen_plogjarnet-696x428-c-center.webp 2x\" \/><source media=\"(min-width: 768px)\" data-srcset=\"\/wp-content\/uploads\/2023\/10\/bredbogen_plogjarnet-348x214-c-center.jpg 1x, \/wp-content\/uploads\/2023\/10\/bredbogen_plogjarnet-696x428-c-center.jpg 2x\" \/><img class=\"lazy\" alt=\"bredbogen_plogjarnet\" data-srcset=\"\/wp-content\/uploads\/2023\/10\/bredbogen_plogjarnet-348x214-c-center.jpg\" \/><\/picture>\n\t\t\t\t\t\t\t\t\t\t\t\t\t\t\t\t\t\t\t\t\t\t\t<\/div>\n\t\t\t\t\t\t\t\t\t\t\t\t<div class=\"puff__content\">\n\t\t\t\t\t\t\t\t\t\t\t\t\t\t\t\t\t<h3 class=\"h4\">BREDBOGEN<\/h3>\n\t\t\t\t\t\t\t\t\n\t\t\t\t\t\t\t\t\n\t\t\t\t\t\t\t\t\n\t\t\t\t\t\t\t\t\t\t\t\t\t\t\t\t\t<div class=\"puff__text\"><p><strong>Bygget:<\/strong> 2011<br \/>\n<strong>Skipsverft:<\/strong> Catapult Catamarans Ltd, England<br \/>\n<strong>Loa:<\/strong> 11,95 meter<br \/>\n<strong>Maksimal bredde<\/strong>: 4,87 meter<br \/>\n<strong>Maskiner:<\/strong> 2 x Iveco M45<br \/>\n<strong>Marsjfart<\/strong>: 16 knop<br \/>\n<strong>Kapasitet:<\/strong> 12 passasjerer<\/p>\n<\/div>\n\t\t\t\t\t\t\t\t\n\t\t\t\t\t\t\t\t\t\t\t\t\t\t<\/div>\n\t\t\t\t\t<\/div>\n\t\t\t\t\t<div class=\"puff__item__footer\">\n\t\t\t\t\t\n\t\t\t\t\t\t\t\t\t\t<\/div>\n\t\t\t\t<\/div>\n\t\t\t<\/div>\n\t\t\t\t\t\t<div class=\"col-12 col-md-3 puff__col\">\n\t\t\t\t<div class=\"puff__item puff__item--3-4 \" style=\"\">\n\t\t\t\t\t<div class=\"puff__item__body\">\n\t\t\t\t\t\t\t\t\t\t\t\t\t<div class=\"puff__img\" data-link=\"\">\n\t\t\t\t\t\t\t\t\t\t\t\t\t\t\t\t\t<picture><source type=\"image\/webp\" media=\"(min-width: 992px)\" data-srcset=\"\/wp-content\/uploads\/2023\/10\/raagstuten-306x188-c-center.webp 1x, \/wp-content\/uploads\/2023\/10\/raagstuten-612x376-c-center.webp 2x\" \/><source media=\"(min-width: 992px)\" data-srcset=\"\/wp-content\/uploads\/2023\/10\/raagstuten-306x188-c-center.jpg 1x, \/wp-content\/uploads\/2023\/10\/raagstuten-612x376-c-center.jpg 2x\" \/><source type=\"image\/webp\" media=\"(min-width: 768px)\" data-srcset=\"\/wp-content\/uploads\/2023\/10\/raagstuten-348x214-c-center.webp 1x, \/wp-content\/uploads\/2023\/10\/raagstuten-696x428-c-center.webp 2x\" \/><source media=\"(min-width: 768px)\" data-srcset=\"\/wp-content\/uploads\/2023\/10\/raagstuten-348x214-c-center.jpg 1x, \/wp-content\/uploads\/2023\/10\/raagstuten-696x428-c-center.jpg 2x\" \/><img class=\"lazy\" alt=\"raagstuten\" data-srcset=\"\/wp-content\/uploads\/2023\/10\/raagstuten-348x214-c-center.jpg\" \/><\/picture>\n\t\t\t\t\t\t\t\t\t\t\t\t\t\t\t\t\t\t\t\t\t\t\t<\/div>\n\t\t\t\t\t\t\t\t\t\t\t\t<div class=\"puff__content\">\n\t\t\t\t\t\t\t\t\t\t\t\t\t\t\t\t\t<h3 class=\"h4\">R\u00c5GSTUTEN<\/h3>\n\t\t\t\t\t\t\t\t\n\t\t\t\t\t\t\t\t\t<div class=\"puff__item__icons d-flex flex-wrap\">\n\t\t\t<div class=\"puff__item__icons__icon text-center\">\n\t\t\t<div class=\"material-symbols-outlined\">\n\t\t\t\t\n\t\t\t<\/div>\n\t\t\t<div class=\"material-symbols-title\"><\/div>\n\t\t<\/div>\n\t\t<\/div>\n\n\t\t\t\t\t\t\t\t\n\t\t\t\t\t\t\t\t\t\t\t\t\t\t\t\t\t<div class=\"puff__text\"><p><strong>Bygget:<\/strong> 2020<br \/>\n<strong>Skipsverft:<\/strong> Catapult Catamarans Ltd, England<br \/>\n<strong>Loa:<\/strong> 11,95 meter<br \/>\n<strong>Maksimal bredde<\/strong>: 4,87 meter<br \/>\n<strong>Maskiner:<\/strong> 2 x Iveco M45<br \/>\n<strong>Marsjfart<\/strong>: 16 knop<br \/>\n<strong>Kapasitet:<\/strong> 12 passasjerer<\/p>\n<\/div>\n\t\t\t\t\t\t\t\t\n\t\t\t\t\t\t\t\t\t\t\t\t\t\t<\/div>\n\t\t\t\t\t<\/div>\n\t\t\t\t\t<div class=\"puff__item__footer\">\n\t\t\t\t\t\n\t\t\t\t\t\t\t\t\t\t<\/div>\n\t\t\t\t<\/div>\n\t\t\t<\/div>\n\t\t\t\t\t\t<div class=\"col-12 col-md-3 puff__col\">\n\t\t\t\t<div class=\"puff__item puff__item--3-4 \" style=\"\">\n\t\t\t\t\t<div class=\"puff__item__body\">\n\t\t\t\t\t\t\t\t\t\t\t\t\t<div class=\"puff__img\" data-link=\"\">\n\t\t\t\t\t\t\t\t\t\t\t\t\t\t\t\t\t<picture><source type=\"image\/webp\" media=\"(min-width: 992px)\" data-srcset=\"\/wp-content\/uploads\/2024\/11\/Bot-306x188-c-center.webp 1x, \/wp-content\/uploads\/2024\/11\/Bot-612x376-c-center.webp 2x\" \/><source media=\"(min-width: 992px)\" data-srcset=\"\/wp-content\/uploads\/2024\/11\/Bot-306x188-c-center.jpg 1x, \/wp-content\/uploads\/2024\/11\/Bot-612x376-c-center.jpg 2x\" \/><source type=\"image\/webp\" media=\"(min-width: 768px)\" data-srcset=\"\/wp-content\/uploads\/2024\/11\/Bot-348x214-c-center.webp 1x, \/wp-content\/uploads\/2024\/11\/Bot-696x428-c-center.webp 2x\" \/><source media=\"(min-width: 768px)\" data-srcset=\"\/wp-content\/uploads\/2024\/11\/Bot-348x214-c-center.jpg 1x, \/wp-content\/uploads\/2024\/11\/Bot-696x428-c-center.jpg 2x\" \/><img class=\"lazy\" alt=\"Bot\" data-srcset=\"\/wp-content\/uploads\/2024\/11\/Bot-348x214-c-center.jpg\" \/><\/picture>\n\t\t\t\t\t\t\t\t\t\t\t\t\t\t\t\t\t\t\t\t\t\t\t<\/div>\n\t\t\t\t\t\t\t\t\t\t\t\t<div class=\"puff__content\">\n\t\t\t\t\t\t\t\t\t\t\t\t\t\t\t\t\t<h3 class=\"h4\">BOT<\/h3>\n\t\t\t\t\t\t\t\t\n\t\t\t\t\t\t\t\t\n\t\t\t\t\t\t\t\t\n\t\t\t\t\t\t\t\t\t\t\t\t\t\t\t\t\t<div class=\"puff__text\"><p><strong>Bygget:<\/strong> 2024<br \/>\n<strong>Skipsverft:<\/strong> Catapult Catamarans Ltd, England<br \/>\n<strong>Loa:<\/strong> 11,95 meter<br \/>\n<strong>Maksimal bredde<\/strong>: 4,87 meter<br \/>\n<strong>Maskiner:<\/strong> 2 x Iveco M45<br \/>\n<strong>Marsjfart<\/strong>: 16 knop<br \/>\n<strong>Kapasitet:<\/strong> 12 passasjerer<\/p>\n<\/div>\n\t\t\t\t\t\t\t\t\n\t\t\t\t\t\t\t\t\t\t\t\t\t\t<\/div>\n\t\t\t\t\t<\/div>\n\t\t\t\t\t<div class=\"puff__item__footer\">\n\t\t\t\t\t\n\t\t\t\t\t\t\t\t\t\t<\/div>\n\t\t\t\t<\/div>\n\t\t\t<\/div>\n\t\t\t\t\t<\/div>\n\t\t\n\t\n<\/div><\/div><\/div><\/div>\n<\/div><\/div>\n\n<div class=\"block-container block-acf-faq\"><div class=\"block is-acf-block acf-faq\"><div class=\"wp-block-acf-faq\">\t\t\t<div class=\"faq__headline h2 text-center\">\n\t\t\tOfte stilte sp\u00f8rsm\u00e5l\n\t\t<\/div>\n\t\t\t\t\t<div class=\"faq__section\">\n\t\t\t\t\t\t\t<div class=\"row\">\n\t\t\t\t\t\t\t\t\t\t\t<div class=\"col-12 col-md-6\">\n\t\t\t\t\t\t\t<div class=\"faq__item faq__item--close\">\n\t\t\t\t\t\t\t\t<div class=\"faq__title d-flex justify-content-between align-items-center\">\n\t\t\t\t\t\t\t\t\t<div class=\"faq__question\">\n\t\t\t\t\t\t\t\t\t\tG\u00c5R B\u00c5TENE UT I ALL SLAGS V\u00c6R?\n\t\t\t\t\t\t\t\t\t<\/div>\n\t\t\t\t\t\t\t\t\t<div class=\"faq__icon\">\n\t\t\t\t\t\t\t\t\t\t<div class=\"faq__icon--open\"><\/div>\n\t\t\t\t\t\t\t\t\t\t<div class=\"faq__icon--close\"><\/div>\n\t\t\t\t\t\t\t\t\t<\/div>\n\t\t\t\t\t\t\t\t<\/div>\n\t\t\t\t\t\t\t\t<div class=\"faq__answer\">\n\t\t\t\t\t\t\t\t\t<pre id=\"tw-target-text\" class=\"tw-data-text tw-text-large tw-ta\" dir=\"ltr\" data-placeholder=\"\u00d6vers\u00e4ttning\" data-ved=\"2ahUKEwj_o_24qPeKAxV4JhAIHcYcHuQQ3ewLegQIDRAU\" aria-label=\"\u00d6versatt text: Ja, katamaranb\u00e5tene v\u00e5re er bygget i England, Southampton, og de t\u00e5ler vind over 30 meter per sekund, det tar bare litt lengre tid \u00e5 komme seg ut.\"><span class=\"Y2IQFc\" lang=\"no\">Ja, katamaranb\u00e5tene v\u00e5re er bygget i England, Southampton, og de t\u00e5ler vind over 30 meter per sekund, det tar bare litt lengre tid \u00e5 komme seg ut.<\/span><\/pre>\n\n\t\t\t\t\t\t\t\t<\/div>\n\t\t\t\t\t\t\t<\/div>\n\t\t\t\t\t\t<\/div>\n\t\t\t\t\t\t\t\t\t\t\t<div class=\"col-12 col-md-6\">\n\t\t\t\t\t\t\t<div class=\"faq__item faq__item--close\">\n\t\t\t\t\t\t\t\t<div class=\"faq__title d-flex justify-content-between align-items-center\">\n\t\t\t\t\t\t\t\t\t<div class=\"faq__question\">\n\t\t\t\t\t\t\t\t\t\tHAR DERE \u00c5PENT HELE \u00c5RET?\n\t\t\t\t\t\t\t\t\t<\/div>\n\t\t\t\t\t\t\t\t\t<div class=\"faq__icon\">\n\t\t\t\t\t\t\t\t\t\t<div class=\"faq__icon--open\"><\/div>\n\t\t\t\t\t\t\t\t\t\t<div class=\"faq__icon--close\"><\/div>\n\t\t\t\t\t\t\t\t\t<\/div>\n\t\t\t\t\t\t\t\t<\/div>\n\t\t\t\t\t\t\t\t<div class=\"faq__answer\">\n\t\t\t\t\t\t\t\t\t<pre id=\"tw-target-text\" class=\"tw-data-text tw-text-large tw-ta\" dir=\"ltr\" data-placeholder=\"\u00d6vers\u00e4ttning\" data-ved=\"2ahUKEwj_o_24qPeKAxV4JhAIHcYcHuQQ3ewLegQIDRAU\" aria-label=\"\u00d6versatt text: Ja! Vi har \u00e5pent hele \u00e5ret! I lavsesongen er vi bemannet n\u00e5r vi har bestillinger, s\u00e5 ring oss gjerne.\"><span class=\"Y2IQFc\" lang=\"no\">Ja! Vi har \u00e5pent hele \u00e5ret! I lavsesongen er vi bemannet n\u00e5r vi har bestillinger, s\u00e5 ring oss gjerne.<\/span><\/pre>\n\n\t\t\t\t\t\t\t\t<\/div>\n\t\t\t\t\t\t\t<\/div>\n\t\t\t\t\t\t<\/div>\n\t\t\t\t\t\t\t\t\t\t\t<div class=\"col-12 col-md-6\">\n\t\t\t\t\t\t\t<div class=\"faq__item faq__item--close\">\n\t\t\t\t\t\t\t\t<div class=\"faq__title d-flex justify-content-between align-items-center\">\n\t\t\t\t\t\t\t\t\t<div class=\"faq__question\">\n\t\t\t\t\t\t\t\t\t\tHVOR G\u00c5R B\u00c5TENE FRA?\n\t\t\t\t\t\t\t\t\t<\/div>\n\t\t\t\t\t\t\t\t\t<div class=\"faq__icon\">\n\t\t\t\t\t\t\t\t\t\t<div class=\"faq__icon--open\"><\/div>\n\t\t\t\t\t\t\t\t\t\t<div class=\"faq__icon--close\"><\/div>\n\t\t\t\t\t\t\t\t\t<\/div>\n\t\t\t\t\t\t\t\t<\/div>\n\t\t\t\t\t\t\t\t<div class=\"faq__answer\">\n\t\t\t\t\t\t\t\t\t<pre id=\"tw-target-text\" class=\"tw-data-text tw-text-large tw-ta\" dir=\"ltr\" data-placeholder=\"\u00d6vers\u00e4ttning\" data-ved=\"2ahUKEwj_o_24qPeKAxV4JhAIHcYcHuQQ3ewLegQIDRAU\" aria-label=\"\u00d6versatt text: De g\u00e5r vanligvis fra Hamburgsund, rett til venstre for kabelfergen over til Hamburg\u00f6. I h\u00f8ysesongen drar de p\u00e5 faste turer fra Fj\u00e4llbacka og Hamburgsund. Vi kan ogs\u00e5 hente i Fj\u00e4llbacka i lavsesongen dersom du gir beskjed i god tid. \u00d8nsker du \u00e5 reise fra andre steder hjelper vi deg gjerne i lavsesongen, men i sommerhalv\u00e5ret, n\u00e5r b\u00e5tene st\u00e5r p\u00e5 vanlig turliste, har vi problemer med \u00e5 gj\u00f8re ekstra stopp.\"><span class=\"Y2IQFc\" lang=\"no\">De g\u00e5r vanligvis fra Hamburgsund, rett til venstre for kabelfergen over til Hamburg\u00f6. I h\u00f8ysesongen drar de p\u00e5 faste turer fra Fj\u00e4llbacka og Hamburgsund. Vi kan ogs\u00e5 hente i Fj\u00e4llbacka i lavsesongen dersom du gir beskjed i god tid. \u00d8nsker du \u00e5 reise fra andre steder hjelper vi deg gjerne i lavsesongen, men i sommerhalv\u00e5ret, n\u00e5r b\u00e5tene st\u00e5r p\u00e5 vanlig turliste, har vi problemer med \u00e5 gj\u00f8re ekstra stopp.<\/span><\/pre>\n\n\t\t\t\t\t\t\t\t<\/div>\n\t\t\t\t\t\t\t<\/div>\n\t\t\t\t\t\t<\/div>\n\t\t\t\t\t\t\t\t\t\t\t<div class=\"col-12 col-md-6\">\n\t\t\t\t\t\t\t<div class=\"faq__item faq__item--close\">\n\t\t\t\t\t\t\t\t<div class=\"faq__title d-flex justify-content-between align-items-center\">\n\t\t\t\t\t\t\t\t\t<div class=\"faq__question\">\n\t\t\t\t\t\t\t\t\t\tHVOR KAN DU PARKERE?\n\t\t\t\t\t\t\t\t\t<\/div>\n\t\t\t\t\t\t\t\t\t<div class=\"faq__icon\">\n\t\t\t\t\t\t\t\t\t\t<div class=\"faq__icon--open\"><\/div>\n\t\t\t\t\t\t\t\t\t\t<div class=\"faq__icon--close\"><\/div>\n\t\t\t\t\t\t\t\t\t<\/div>\n\t\t\t\t\t\t\t\t<\/div>\n\t\t\t\t\t\t\t\t<div class=\"faq__answer\">\n\t\t\t\t\t\t\t\t\t<pre id=\"tw-target-text\" class=\"tw-data-text tw-text-large tw-ta\" dir=\"ltr\" data-placeholder=\"\u00d6vers\u00e4ttning\" data-ved=\"2ahUKEwj_o_24qPeKAxV4JhAIHcYcHuQQ3ewLegQIDRAU\" aria-label=\"\u00d6versatt text: Se p\u00e5 linken her, s\u00e5 finner du kart over parkeringsplasser i Tanum kommune.\"><span class=\"Y2IQFc\" lang=\"no\">Se p\u00e5 linken her, s\u00e5 finner du kart over parkeringsplasser i Tanum kommune.<\/span><\/pre>\n\n\t\t\t\t\t\t\t\t<\/div>\n\t\t\t\t\t\t\t<\/div>\n\t\t\t\t\t\t<\/div>\n\t\t\t\t\t\t\t\t\t\t\t<div class=\"col-12 col-md-6\">\n\t\t\t\t\t\t\t<div class=\"faq__item faq__item--close\">\n\t\t\t\t\t\t\t\t<div class=\"faq__title d-flex justify-content-between align-items-center\">\n\t\t\t\t\t\t\t\t\t<div class=\"faq__question\">\n\t\t\t\t\t\t\t\t\t\tHVOR LANG TID TAR REISEN?\n\t\t\t\t\t\t\t\t\t<\/div>\n\t\t\t\t\t\t\t\t\t<div class=\"faq__icon\">\n\t\t\t\t\t\t\t\t\t\t<div class=\"faq__icon--open\"><\/div>\n\t\t\t\t\t\t\t\t\t\t<div class=\"faq__icon--close\"><\/div>\n\t\t\t\t\t\t\t\t\t<\/div>\n\t\t\t\t\t\t\t\t<\/div>\n\t\t\t\t\t\t\t\t<div class=\"faq__answer\">\n\t\t\t\t\t\t\t\t\t<pre id=\"tw-target-text\" class=\"tw-data-text tw-text-large tw-ta\" dir=\"ltr\" data-placeholder=\"\u00d6vers\u00e4ttning\" data-ved=\"2ahUKEwj_o_24qPeKAxV4JhAIHcYcHuQQ3ewLegQIDRAU\" aria-label=\"\u00d6versatt text: Normalt tar turen direkte fra Hamburgsund ca 35 \u2013 40 minutter, g\u00e5r b\u00e5ten via Fj\u00e4llbacka tar det ca en time. Fra Fj\u00e4llbacka ut til V\u00e4der\u00f6arna tar det ogs\u00e5 cirka 40 minutter, s\u00e5 den totale tiden Hamburgsund \u2013 Fj\u00e4llbacka \u2013 V\u00e4der\u00f6arna er omtrent en time.\"><span class=\"Y2IQFc\" lang=\"no\">Normalt tar turen direkte fra Hamburgsund ca 35 \u2013 40 minutter, g\u00e5r b\u00e5ten via Fj\u00e4llbacka tar det ca en time. Fra Fj\u00e4llbacka ut til V\u00e4der\u00f6arna tar det ogs\u00e5 cirka 40 minutter, s\u00e5 den totale tiden Hamburgsund \u2013 Fj\u00e4llbacka \u2013 V\u00e4der\u00f6arna er omtrent en time.<\/span><\/pre>\n\n\t\t\t\t\t\t\t\t<\/div>\n\t\t\t\t\t\t\t<\/div>\n\t\t\t\t\t\t<\/div>\n\t\t\t\t\t\t\t\t\t\t\t<div class=\"col-12 col-md-6\">\n\t\t\t\t\t\t\t<div class=\"faq__item faq__item--close\">\n\t\t\t\t\t\t\t\t<div class=\"faq__title d-flex justify-content-between align-items-center\">\n\t\t\t\t\t\t\t\t\t<div class=\"faq__question\">\n\t\t\t\t\t\t\t\t\t\tHVOR MANGE HOTELLROM HAR DU?\n\t\t\t\t\t\t\t\t\t<\/div>\n\t\t\t\t\t\t\t\t\t<div class=\"faq__icon\">\n\t\t\t\t\t\t\t\t\t\t<div class=\"faq__icon--open\"><\/div>\n\t\t\t\t\t\t\t\t\t\t<div class=\"faq__icon--close\"><\/div>\n\t\t\t\t\t\t\t\t\t<\/div>\n\t\t\t\t\t\t\t\t<\/div>\n\t\t\t\t\t\t\t\t<div class=\"faq__answer\">\n\t\t\t\t\t\t\t\t\t<p>Vi har 22 hotellrom och 53 senger.<\/p>\n\n\t\t\t\t\t\t\t\t<\/div>\n\t\t\t\t\t\t\t<\/div>\n\t\t\t\t\t\t<\/div>\n\t\t\t\t\t\t\t\t\t\t\t<div class=\"col-12 col-md-6\">\n\t\t\t\t\t\t\t<div class=\"faq__item faq__item--close\">\n\t\t\t\t\t\t\t\t<div class=\"faq__title d-flex justify-content-between align-items-center\">\n\t\t\t\t\t\t\t\t\t<div class=\"faq__question\">\n\t\t\t\t\t\t\t\t\t\tKAN DU KOMME DEG INN I PILOTUTKIKKEN?\n\t\t\t\t\t\t\t\t\t<\/div>\n\t\t\t\t\t\t\t\t\t<div class=\"faq__icon\">\n\t\t\t\t\t\t\t\t\t\t<div class=\"faq__icon--open\"><\/div>\n\t\t\t\t\t\t\t\t\t\t<div class=\"faq__icon--close\"><\/div>\n\t\t\t\t\t\t\t\t\t<\/div>\n\t\t\t\t\t\t\t\t<\/div>\n\t\t\t\t\t\t\t\t<div class=\"faq__answer\">\n\t\t\t\t\t\t\t\t\t<pre id=\"tw-target-text\" class=\"tw-data-text tw-text-large tw-ta\" dir=\"ltr\" data-placeholder=\"\u00d6vers\u00e4ttning\" data-ved=\"2ahUKEwj_o_24qPeKAxV4JhAIHcYcHuQQ3ewLegQIDRAU\" aria-label=\"\u00d6versatt text: Lotsutkiken drives av en ideell forening. De ansatte nesten daglig i h\u00f8ysesongen og mer sporadisk i lavsesongen. N\u00e5r de er p\u00e5 plass heises et flagg som er godt synlig fra restauranten. Du kan deretter g\u00e5 inn i t\u00e5rnet og ogs\u00e5 klatre helt opp for en 360-graders utsikt over v\u00e6r\u00f8yene. Det er en timeplan der du kan g\u00e5 inn p\u00e5 forh\u00e5nd og se hvordan bemanningen deres ser ut, samt lese mer om arbeidet foreningen gj\u00f8r. Den linken finner du her. Bli gjerne pilot!\"><span class=\"Y2IQFc\" lang=\"no\">Lotsutkiken drives av en ideell forening. De ansatte nesten daglig i h\u00f8ysesongen og mer sporadisk i lavsesongen. N\u00e5r de er p\u00e5 plass heises et flagg som er godt synlig fra restauranten. Du kan deretter g\u00e5 inn i t\u00e5rnet og ogs\u00e5 klatre helt opp for en 360-graders utsikt over v\u00e6r\u00f8yene. Det er en timeplan der du kan g\u00e5 inn p\u00e5 forh\u00e5nd og se hvordan bemanningen deres ser ut, samt lese mer om arbeidet foreningen gj\u00f8r. Den linken finner du her. Bli gjerne pilot!<\/span><\/pre>\n\n\t\t\t\t\t\t\t\t<\/div>\n\t\t\t\t\t\t\t<\/div>\n\t\t\t\t\t\t<\/div>\n\t\t\t\t\t\t\t\t\t\t\t<div class=\"col-12 col-md-6\">\n\t\t\t\t\t\t\t<div class=\"faq__item faq__item--close\">\n\t\t\t\t\t\t\t\t<div class=\"faq__title d-flex justify-content-between align-items-center\">\n\t\t\t\t\t\t\t\t\t<div class=\"faq__question\">\n\t\t\t\t\t\t\t\t\t\tKAN DU DRA UT MED DIN EGEN B\u00c5T?\n\t\t\t\t\t\t\t\t\t<\/div>\n\t\t\t\t\t\t\t\t\t<div class=\"faq__icon\">\n\t\t\t\t\t\t\t\t\t\t<div class=\"faq__icon--open\"><\/div>\n\t\t\t\t\t\t\t\t\t\t<div class=\"faq__icon--close\"><\/div>\n\t\t\t\t\t\t\t\t\t<\/div>\n\t\t\t\t\t\t\t\t<\/div>\n\t\t\t\t\t\t\t\t<div class=\"faq__answer\">\n\t\t\t\t\t\t\t\t\t<pre id=\"tw-target-text\" class=\"tw-data-text tw-text-large tw-ta\" dir=\"ltr\" data-placeholder=\"\u00d6vers\u00e4ttning\" data-ved=\"2ahUKEwj_o_24qPeKAxV4JhAIHcYcHuQQ3ewLegQIDRAU\" aria-label=\"\u00d6versatt text: Absolutt, vi har gjestehavn med plass til 25 \u2013 30 b\u00e5ter, men vi tar ikke imot reservasjoner i gjestehavnen. N\u00e5r v\u00e6ret er bra og vinden er fra riktig retning, er det mange gode naturhavner rundt \u00f8ya. P\u00e5 vestsiden ligger Str\u00f6msund, hvor det er gode sikrings- og fort\u00f8yningsmuligheter.\"><span class=\"Y2IQFc\" lang=\"no\">Absolutt, vi har gjestehavn med plass til 25 \u2013 30 b\u00e5ter, men vi tar ikke imot reservasjoner i gjestehavnen. N\u00e5r v\u00e6ret er bra og vinden er fra riktig retning, er det mange gode naturhavner rundt \u00f8ya. P\u00e5 vestsiden ligger Str\u00f6msund, hvor det er gode sikrings- og fort\u00f8yningsmuligheter.<\/span><\/pre>\n\n\t\t\t\t\t\t\t\t<\/div>\n\t\t\t\t\t\t\t<\/div>\n\t\t\t\t\t\t<\/div>\n\t\t\t\t\t\t\t\t\t<\/div>\n\t\t<\/div>\n\t\t\t\t\n<\/div><\/div><\/div>\n\n<div class=\"block-container block-acf-quotes\"><div class=\"block is-acf-block acf-quotes\"><div class=\"wp-block-acf-quotes\">\t\t\t\t<div class=\"container\">\n\t\t<div class=\"quote__wrapper\">\n\t\t\t<div class=\"quote\">\n\t\t\t\t\t\t\t\t\t<div>\n\t\t\t\t\t\t<div class=\"quote__item has-primary-color has-text-color\">\n\t\t\t\t\t\t\t<div class=\"quote__icon\">\n\t\t\t\t\t\t\t\t&rdquo;\n\t\t\t\t\t\t\t<\/div>\n\t\t\t\t\t\t\t\t\t\t\t\t\t\t\t<div class=\"quote__text\">\n\t\t\t\t\t\t\t\t\tTakk for et flott opphold med s\u00e5 mange fine opplevelser hele veien fra b\u00e5ttransporten til den velsmakende maten og drikken i de flotte og autentiske lokalene deres! Vil definitivt komme tilbake og bes\u00f8ke den vakre \u00f8ya deres!\n\t\t\t\t\t\t\t\t<\/div>\n\t\t\t\t\t\t\t\t\t\t\t\t\t\t<div class=\"quote__info d-flex\">\n\t\t\t\t\t\t\t\t\t\t\t\t\t\t\t\t<div>\n\t\t\t\t\t\t\t\t\t\t\t\t\t\t\t\t\t\t\t\t\t\t\t\t\t\t\t\t<div class=\"quote__name\">\n\t\t\t\t\t\t\t\t\t\t\tBjarne Hultquist\n\t\t\t\t\t\t\t\t\t\t<\/div>\n\t\t\t\t\t\t\t\t\t\t\t\t\t\t\t\t\t<\/div>\n\t\t\t\t\t\t\t<\/div>\n\t\t\t\t\t\t<\/div>\n\t\t\t\t\t<\/div>\n\t\t\t\t\t\t\t\t\t<div>\n\t\t\t\t\t\t<div class=\"quote__item has-primary-color has-text-color\">\n\t\t\t\t\t\t\t<div class=\"quote__icon\">\n\t\t\t\t\t\t\t\t&rdquo;\n\t\t\t\t\t\t\t<\/div>\n\t\t\t\t\t\t\t\t\t\t\t\t\t\t\t<div class=\"quote__text\">\n\t\t\t\t\t\t\t\t\tTakk for et veldig hyggelig arrangement p\u00e5 V\u00e6r\u00f8yene! Alt fungerte utmerket! Bursdagsbarnet Christer ble feiret skikkelig av oss alle, og gjestene var veldig forn\u00f8yde! Kokken deres er veldig flink og Fredrik tok godt vare p\u00e5 oss! Takk for alt engasjementet med bookingen fra deg og Anna for \u00e5 gj\u00f8re helgen til en minneverdig helg.\n\t\t\t\t\t\t\t\t<\/div>\n\t\t\t\t\t\t\t\t\t\t\t\t\t\t<div class=\"quote__info d-flex\">\n\t\t\t\t\t\t\t\t\t\t\t\t\t\t\t\t<div>\n\t\t\t\t\t\t\t\t\t\t\t\t\t\t\t\t\t\t\t\t\t\t\t\t\t\t\t\t<div class=\"quote__name\">\n\t\t\t\t\t\t\t\t\t\t\tJudy\n\t\t\t\t\t\t\t\t\t\t<\/div>\n\t\t\t\t\t\t\t\t\t\t\t\t\t\t\t\t\t<\/div>\n\t\t\t\t\t\t\t<\/div>\n\t\t\t\t\t\t<\/div>\n\t\t\t\t\t<\/div>\n\t\t\t\t\t\t\t\t\t<div>\n\t\t\t\t\t\t<div class=\"quote__item has-primary-color has-text-color\">\n\t\t\t\t\t\t\t<div class=\"quote__icon\">\n\t\t\t\t\t\t\t\t&rdquo;\n\t\t\t\t\t\t\t<\/div>\n\t\t\t\t\t\t\t\t\t\t\t\t\t\t\t<div class=\"quote__text\">\n\t\t\t\t\t\t\t\t\tHei, oppholdet v\u00e5rt f\u00e5r toppkarakter. Mat, service, boblebad, badstue, rom osv. Vi var ogs\u00e5 heldige \u00e5 ha fantastisk v\u00e6r. Vi kommer helt sikkert tilbake og vil dele oppholdet med v\u00e5re venner. Takk for et s\u00e5 koselig opphold. Hilsen Kicki (med mine 7 venner) Sendt fra min iPhone\n\t\t\t\t\t\t\t\t<\/div>\n\t\t\t\t\t\t\t\t\t\t\t\t\t\t<div class=\"quote__info d-flex\">\n\t\t\t\t\t\t\t\t\t\t\t\t\t\t\t\t<div>\n\t\t\t\t\t\t\t\t\t\t\t\t\t\t\t\t\t\t\t\t\t\t\t\t\t\t\t\t<div class=\"quote__name\">\n\t\t\t\t\t\t\t\t\t\t\tKicki med 7 v\u00e4ninnor\n\t\t\t\t\t\t\t\t\t\t<\/div>\n\t\t\t\t\t\t\t\t\t\t\t\t\t\t\t\t\t<\/div>\n\t\t\t\t\t\t\t<\/div>\n\t\t\t\t\t\t<\/div>\n\t\t\t\t\t<\/div>\n\t\t\t\t\t\t\t\t\t<div>\n\t\t\t\t\t\t<div class=\"quote__item has-primary-color has-text-color\">\n\t\t\t\t\t\t\t<div class=\"quote__icon\">\n\t\t\t\t\t\t\t\t&rdquo;\n\t\t\t\t\t\t\t<\/div>\n\t\t\t\t\t\t\t\t\t\t\t\t\t\t\t<div class=\"quote__text\">\n\t\t\t\t\t\t\t\t\tFantastisk! I tillegg til beliggenheten midt i havet, var det en luksus \u00e5 f\u00e5 god mat -10 fyrt\u00e5rn av fem mulige&#8230;. Takk, kokk! Og takk til fiskeren som viste oss hvordan man fisker kreps. Ekstra krydder var berner sennenhunden Vanja. Fint og friskt rom med fantastisk utsikt. V\u00e6rets krefter var med oss. Og for \u00e5 se Tobisgrisslor&#8230;\n\t\t\t\t\t\t\t\t<\/div>\n\t\t\t\t\t\t\t\t\t\t\t\t\t\t<div class=\"quote__info d-flex\">\n\t\t\t\t\t\t\t\t\t\t\t\t\t\t\t\t<div>\n\t\t\t\t\t\t\t\t\t\t\t\t\t\t\t\t\t\t\t\t\t\t\t\t\t\t\t\t<div class=\"quote__name\">\n\t\t\t\t\t\t\t\t\t\t\tHel\u00e9n\n\t\t\t\t\t\t\t\t\t\t<\/div>\n\t\t\t\t\t\t\t\t\t\t\t\t\t\t\t\t\t<\/div>\n\t\t\t\t\t\t\t<\/div>\n\t\t\t\t\t\t<\/div>\n\t\t\t\t\t<\/div>\n\t\t\t\t\t\t\t\t\t<div>\n\t\t\t\t\t\t<div class=\"quote__item has-primary-color has-text-color\">\n\t\t\t\t\t\t\t<div class=\"quote__icon\">\n\t\t\t\t\t\t\t\t&rdquo;\n\t\t\t\t\t\t\t<\/div>\n\t\t\t\t\t\t\t\t\t\t\t\t\t\t\t<div class=\"quote__text\">\n\t\t\t\t\t\t\t\t\tTusen takk fra oss for oppholdet Vi feiret bryllupsdagen v\u00e5r ute p\u00e5 V\u00e6r\u00f8yene og W\u00e4rdshuset! For en velkomst, for en service, for en idyllisk beliggenhet og fantastisk mat, champagne, personale og innkvartering! Kunne ikke v\u00e6rt bedre!!!! Vi reiser mye og bor ofte p\u00e5 4-5\u2606 hotell Det vi fikk p\u00e5 W\u00e4rdshuset overgikk mange av overnattingsstedene S\u00e5 virkelig h\u00f8y klasse spesielt p\u00e5 personale og service! Verdt s\u00e5 mye for oss  \n\t\t\t\t\t\t\t\t<\/div>\n\t\t\t\t\t\t\t\t\t\t\t\t\t\t<div class=\"quote__info d-flex\">\n\t\t\t\t\t\t\t\t\t\t\t\t\t\t\t\t\t<div class=\"quote__img\">\n\t\t\t\t\t\t\t\t\t\t<img class=\"lazy\" data-src=\"https:\/\/www.vaderoarna.com\/wp-content\/uploads\/2023\/11\/citat-bild.svg\">\n\t\t\t\t\t\t\t\t\t<\/div>\n\t\t\t\t\t\t\t\t\t\t\t\t\t\t\t\t<div>\n\t\t\t\t\t\t\t\t\t\t\t\t\t\t\t\t\t\t\t\t\t\t\t\t\t\t\t\t<div class=\"quote__name\">\n\t\t\t\t\t\t\t\t\t\t\tTorkel &#038; Anna\n\t\t\t\t\t\t\t\t\t\t<\/div>\n\t\t\t\t\t\t\t\t\t\t\t\t\t\t\t\t\t<\/div>\n\t\t\t\t\t\t\t<\/div>\n\t\t\t\t\t\t<\/div>\n\t\t\t\t\t<\/div>\n\t\t\t\t\t\t\t\t\t<div>\n\t\t\t\t\t\t<div class=\"quote__item has-primary-color has-text-color\">\n\t\t\t\t\t\t\t<div class=\"quote__icon\">\n\t\t\t\t\t\t\t\t&rdquo;\n\t\t\t\t\t\t\t<\/div>\n\t\t\t\t\t\t\t\t\t\t\t\t\t\t\t<div class=\"quote__text\">\n\t\t\t\t\t\t\t\t\tKj\u00e6re team p\u00e5 V\u00e4der\u00f6arna, tusen takk for et hyggelig opphold! Vi var p\u00e5 \u00f8ya forrige helg og n\u00f8t hvert minutt. Alle var s\u00e5 vennlige, maten var eksepsjonelt god, rommene var nydelige &#8211; vi kunne ikke ha bedt om noe mer! All lykke til hele teamet! Vi kommer til \u00e5 anbefale et opphold hos dere og gleder oss til \u00e5 komme igjen!\n\t\t\t\t\t\t\t\t<\/div>\n\t\t\t\t\t\t\t\t\t\t\t\t\t\t<div class=\"quote__info d-flex\">\n\t\t\t\t\t\t\t\t\t\t\t\t\t\t\t\t\t<div class=\"quote__img\">\n\t\t\t\t\t\t\t\t\t\t<img class=\"lazy\" data-src=\"https:\/\/www.vaderoarna.com\/wp-content\/uploads\/2023\/11\/citat-bild.svg\">\n\t\t\t\t\t\t\t\t\t<\/div>\n\t\t\t\t\t\t\t\t\t\t\t\t\t\t\t\t<div>\n\t\t\t\t\t\t\t\t\t\t\t\t\t\t\t\t\t\t\t\t\t\t\t\t\t\t\t\t<div class=\"quote__name\">\n\t\t\t\t\t\t\t\t\t\t\tLeslie &#038; Frank\n\t\t\t\t\t\t\t\t\t\t<\/div>\n\t\t\t\t\t\t\t\t\t\t\t\t\t\t\t\t\t<\/div>\n\t\t\t\t\t\t\t<\/div>\n\t\t\t\t\t\t<\/div>\n\t\t\t\t\t<\/div>\n\t\t\t\t\t\t\t\t\t<div>\n\t\t\t\t\t\t<div class=\"quote__item has-primary-color has-text-color\">\n\t\t\t\t\t\t\t<div class=\"quote__icon\">\n\t\t\t\t\t\t\t\t&rdquo;\n\t\t\t\t\t\t\t<\/div>\n\t\t\t\t\t\t\t\t\t\t\t\t\t\t\t<div class=\"quote__text\">\n\t\t\t\t\t\t\t\t\tHallo! Vi var en gruppe p\u00e5 14 personer, og selv om den f\u00f8rste dagen hadde mye regn og den andre dagen hadde mye vind, var alle superforn\u00f8yde. Ingen mangler \u00e5 merke seg. Fantastisk vennlig og personale, og for en mat! Superb!!!! V\u00e6r hilset! Herr Johan\n\t\t\t\t\t\t\t\t<\/div>\n\t\t\t\t\t\t\t\t\t\t\t\t\t\t<div class=\"quote__info d-flex\">\n\t\t\t\t\t\t\t\t\t\t\t\t\t\t\t\t\t<div class=\"quote__img\">\n\t\t\t\t\t\t\t\t\t\t<img class=\"lazy\" data-src=\"https:\/\/www.vaderoarna.com\/wp-content\/uploads\/2023\/11\/citat-bild.svg\">\n\t\t\t\t\t\t\t\t\t<\/div>\n\t\t\t\t\t\t\t\t\t\t\t\t\t\t\t\t<div>\n\t\t\t\t\t\t\t\t\t\t\t\t\t\t\t\t\t\t\t\t\t\t\t\t\t\t\t\t<div class=\"quote__name\">\n\t\t\t\t\t\t\t\t\t\t\tJohan\n\t\t\t\t\t\t\t\t\t\t<\/div>\n\t\t\t\t\t\t\t\t\t\t\t\t\t\t\t\t\t<\/div>\n\t\t\t\t\t\t\t<\/div>\n\t\t\t\t\t\t<\/div>\n\t\t\t\t\t<\/div>\n\t\t\t\t\t\t\t\t\t<div>\n\t\t\t\t\t\t<div class=\"quote__item has-primary-color has-text-color\">\n\t\t\t\t\t\t\t<div class=\"quote__icon\">\n\t\t\t\t\t\t\t\t&rdquo;\n\t\t\t\t\t\t\t<\/div>\n\t\t\t\t\t\t\t\t\t\t\t\t\t\t\t<div class=\"quote__text\">\n\t\t\t\t\t\t\t\t\tAlt var perfekt! Takk skal dere ha! Knut\n\t\t\t\t\t\t\t\t<\/div>\n\t\t\t\t\t\t\t\t\t\t\t\t\t\t<div class=\"quote__info d-flex\">\n\t\t\t\t\t\t\t\t\t\t\t\t\t\t\t\t\t<div class=\"quote__img\">\n\t\t\t\t\t\t\t\t\t\t<img class=\"lazy\" data-src=\"https:\/\/www.vaderoarna.com\/wp-content\/uploads\/2023\/11\/citat-bild.svg\">\n\t\t\t\t\t\t\t\t\t<\/div>\n\t\t\t\t\t\t\t\t\t\t\t\t\t\t\t\t<div>\n\t\t\t\t\t\t\t\t\t\t\t\t\t\t\t\t\t\t\t\t\t\t\t\t\t\t\t\t<div class=\"quote__name\">\n\t\t\t\t\t\t\t\t\t\t\tKnut\n\t\t\t\t\t\t\t\t\t\t<\/div>\n\t\t\t\t\t\t\t\t\t\t\t\t\t\t\t\t\t<\/div>\n\t\t\t\t\t\t\t<\/div>\n\t\t\t\t\t\t<\/div>\n\t\t\t\t\t<\/div>\n\t\t\t\t\t\t\t\t\t<div>\n\t\t\t\t\t\t<div class=\"quote__item has-primary-color has-text-color\">\n\t\t\t\t\t\t\t<div class=\"quote__icon\">\n\t\t\t\t\t\t\t\t&rdquo;\n\t\t\t\t\t\t\t<\/div>\n\t\t\t\t\t\t\t\t\t\t\t\t\t\t\t<div class=\"quote__text\">\n\t\t\t\t\t\t\t\t\tHallo! Vi har hatt en veldig fin helg p\u00e5 V\u00e6r\u00f8yene, ikke minst godt v\u00e6r! God mat, hyggelig behandling av alle! Vi f\u00f8lte oss som &laquo;hjemme&raquo;! Det eneste vi savnet var hardt br\u00f8d til frokost! Vi kommer tilbake! Morgardt-familien, (11 personer)\n\t\t\t\t\t\t\t\t<\/div>\n\t\t\t\t\t\t\t\t\t\t\t\t\t\t<div class=\"quote__info d-flex\">\n\t\t\t\t\t\t\t\t\t\t\t\t\t\t\t\t\t<div class=\"quote__img\">\n\t\t\t\t\t\t\t\t\t\t<img class=\"lazy\" data-src=\"https:\/\/www.vaderoarna.com\/wp-content\/uploads\/2023\/11\/citat-bild.svg\">\n\t\t\t\t\t\t\t\t\t<\/div>\n\t\t\t\t\t\t\t\t\t\t\t\t\t\t\t\t<div>\n\t\t\t\t\t\t\t\t\t\t\t\t\t\t\t\t\t\t\t\t\t\t\t\t\t\t\t\t<div class=\"quote__name\">\n\t\t\t\t\t\t\t\t\t\t\tMogart\n\t\t\t\t\t\t\t\t\t\t<\/div>\n\t\t\t\t\t\t\t\t\t\t\t\t\t\t\t\t\t<\/div>\n\t\t\t\t\t\t\t<\/div>\n\t\t\t\t\t\t<\/div>\n\t\t\t\t\t<\/div>\n\t\t\t\t\t\t\t\t\t<div>\n\t\t\t\t\t\t<div class=\"quote__item has-primary-color has-text-color\">\n\t\t\t\t\t\t\t<div class=\"quote__icon\">\n\t\t\t\t\t\t\t\t&rdquo;\n\t\t\t\t\t\t\t<\/div>\n\t\t\t\t\t\t\t\t\t\t\t\t\t\t\t<div class=\"quote__text\">\n\t\t\t\t\t\t\t\t\tSom du kan forestille deg, hadde vi en fantastisk opplevelse, og den avslappede holdningen kombinert med en stram tidsplan passet oss veldig bra.\n\t\t\t\t\t\t\t\t<\/div>\n\t\t\t\t\t\t\t\t\t\t\t\t\t\t<div class=\"quote__info d-flex\">\n\t\t\t\t\t\t\t\t\t\t\t\t\t\t\t\t\t<div class=\"quote__img\">\n\t\t\t\t\t\t\t\t\t\t<img class=\"lazy\" data-src=\"https:\/\/www.vaderoarna.com\/wp-content\/uploads\/2023\/11\/citat-bild.svg\">\n\t\t\t\t\t\t\t\t\t<\/div>\n\t\t\t\t\t\t\t\t\t\t\t\t\t\t\t\t<div>\n\t\t\t\t\t\t\t\t\t\t\t\t\t\t\t\t\t\t\t<div class=\"quote__source\">\n\t\t\t\t\t\t\t\t\t\t\tkonferensg\u00e4st i oktober 2023\n\t\t\t\t\t\t\t\t\t\t<\/div>\n\t\t\t\t\t\t\t\t\t\t\t\t\t\t\t\t\t\t\t\t\t\t\t\t\t\t\t\t<div class=\"quote__name\">\n\t\t\t\t\t\t\t\t\t\t\tCarl\n\t\t\t\t\t\t\t\t\t\t<\/div>\n\t\t\t\t\t\t\t\t\t\t\t\t\t\t\t\t\t<\/div>\n\t\t\t\t\t\t\t<\/div>\n\t\t\t\t\t\t<\/div>\n\t\t\t\t\t<\/div>\n\t\t\t\t\t\t\t\t\t<div>\n\t\t\t\t\t\t<div class=\"quote__item has-primary-color has-text-color\">\n\t\t\t\t\t\t\t<div class=\"quote__icon\">\n\t\t\t\t\t\t\t\t&rdquo;\n\t\t\t\t\t\t\t<\/div>\n\t\t\t\t\t\t\t\t\t\t\t\t\t\t\t<div class=\"quote__text\">\n\t\t\t\t\t\t\t\t\tHelt fantastisk opphold i fine omgivelser og med virkelig god mat og serviceinnstilt personale \ud83d\udc4d Kommer gjerne tilbake til  \n\t\t\t\t\t\t\t\t<\/div>\n\t\t\t\t\t\t\t\t\t\t\t\t\t\t<div class=\"quote__info d-flex\">\n\t\t\t\t\t\t\t\t\t\t\t\t\t\t\t\t\t<div class=\"quote__img\">\n\t\t\t\t\t\t\t\t\t\t<img class=\"lazy\" data-src=\"https:\/\/www.vaderoarna.com\/wp-content\/uploads\/2023\/11\/citat-bild.svg\">\n\t\t\t\t\t\t\t\t\t<\/div>\n\t\t\t\t\t\t\t\t\t\t\t\t\t\t\t\t<div>\n\t\t\t\t\t\t\t\t\t\t\t\t\t\t\t\t\t\t\t<div class=\"quote__source\">\n\t\t\t\t\t\t\t\t\t\t\tg\u00e4st 2 november 2023\n\t\t\t\t\t\t\t\t\t\t<\/div>\n\t\t\t\t\t\t\t\t\t\t\t\t\t\t\t\t\t\t\t\t\t\t\t\t\t\t\t\t<div class=\"quote__name\">\n\t\t\t\t\t\t\t\t\t\t\tStefan\n\t\t\t\t\t\t\t\t\t\t<\/div>\n\t\t\t\t\t\t\t\t\t\t\t\t\t\t\t\t\t<\/div>\n\t\t\t\t\t\t\t<\/div>\n\t\t\t\t\t\t<\/div>\n\t\t\t\t\t<\/div>\n\t\t\t\t\t\t\t<\/div>\n\t\t<\/div>\n\t<\/div>\n\t\n<\/div><\/div><\/div>","protected":false},"excerpt":{"rendered":"<p>REISE GJENNOM DEN VAKRESTE \u00d8YGRUPPEN I VERDEN V\u00e5re b\u00e5ter tar deg ut til \u00f8ygruppen utenfor Hamburgsund og Fj\u00e4llbacka, med hav, svaberg og \u00f8yer som f\u00f8lge hele veien. Turen starter i Hamburgsund, hvor du kan parkere bilen i gangavstand til v\u00e5r brygge.Om sommeren g\u00e5r det ogs\u00e5 avganger via Fj\u00e4llbacka \u2013 se rutetabell.V\u00e5re b\u00e5ter ligger rett ved [&hellip;]<\/p>\n","protected":false},"author":2,"featured_media":0,"parent":0,"menu_order":0,"comment_status":"closed","ping_status":"closed","template":"","meta":{"_acf_changed":false,"footnotes":""},"tags":[],"class_list":["post-3442","page","type-page","status-publish","hentry"],"acf":[],"yoast_head":"<!-- This site is optimized with the Yoast SEO plugin v28.3 - https:\/\/yoast.com\/product\/yoast-seo-wordpress\/ -->\n<title>B\u00e5t til V\u00e6r\u00f8yene | \u00d8ya utenfor Fj\u00e4llbacka | V\u00e4der\u00f6arna<\/title>\n<meta name=\"description\" content=\"Du kan ta deg til V\u00e4der\u00f6arna, en \u00f8y utenfor Fj\u00e4llbacka, med b\u00e5tene v\u00e5re. Les mer p\u00e5 denne siden om hvordan du reiser med b\u00e5t til V\u00e6r\u00f8yene.\" \/>\n<meta name=\"robots\" content=\"index, follow, max-snippet:-1, max-image-preview:large, max-video-preview:-1\" \/>\n<link rel=\"canonical\" href=\"https:\/\/www.vaderoarna.com\/no\/reise-til-oya\/\" \/>\n<meta property=\"og:locale\" content=\"nb_NO\" \/>\n<meta property=\"og:type\" content=\"article\" \/>\n<meta property=\"og:title\" content=\"B\u00e5t til V\u00e6r\u00f8yene | \u00d8ya utenfor Fj\u00e4llbacka | V\u00e4der\u00f6arna\" \/>\n<meta property=\"og:description\" content=\"Du kan ta deg til V\u00e4der\u00f6arna, en \u00f8y utenfor Fj\u00e4llbacka, med b\u00e5tene v\u00e5re. Les mer p\u00e5 denne siden om hvordan du reiser med b\u00e5t til V\u00e6r\u00f8yene.\" \/>\n<meta property=\"og:url\" content=\"https:\/\/www.vaderoarna.com\/no\/reise-til-oya\/\" \/>\n<meta property=\"og:site_name\" content=\"V\u00e4der\u00d6arna\" \/>\n<meta property=\"article:modified_time\" content=\"2026-01-08T13:01:28+00:00\" \/>\n<meta property=\"og:image\" content=\"https:\/\/www.vaderoarna.com\/wp-content\/uploads\/2023\/10\/vaderoarna_karta.png\" \/>\n\t<meta property=\"og:image:width\" content=\"800\" \/>\n\t<meta property=\"og:image:height\" content=\"464\" \/>\n\t<meta property=\"og:image:type\" content=\"image\/png\" \/>\n<meta name=\"twitter:card\" content=\"summary_large_image\" \/>\n<meta name=\"twitter:label1\" content=\"Ansl. lesetid\" \/>\n\t<meta name=\"twitter:data1\" content=\"5 minutter\" \/>\n<script type=\"application\/ld+json\" class=\"yoast-schema-graph\">{\"@context\":\"https:\\\/\\\/schema.org\",\"@graph\":[{\"@type\":\"WebPage\",\"@id\":\"https:\\\/\\\/www.vaderoarna.com\\\/no\\\/reise-til-oya\\\/\",\"url\":\"https:\\\/\\\/www.vaderoarna.com\\\/no\\\/reise-til-oya\\\/\",\"name\":\"B\u00e5t til V\u00e6r\u00f8yene | \u00d8ya utenfor Fj\u00e4llbacka | V\u00e4der\u00f6arna\",\"isPartOf\":{\"@id\":\"https:\\\/\\\/www.vaderoarna.com\\\/no\\\/#website\"},\"primaryImageOfPage\":{\"@id\":\"https:\\\/\\\/www.vaderoarna.com\\\/no\\\/reise-til-oya\\\/#primaryimage\"},\"image\":{\"@id\":\"https:\\\/\\\/www.vaderoarna.com\\\/no\\\/reise-til-oya\\\/#primaryimage\"},\"thumbnailUrl\":\"https:\\\/\\\/www.vaderoarna.com\\\/wp-content\\\/uploads\\\/2023\\\/10\\\/vaderoarna_karta.png\",\"datePublished\":\"2023-10-23T14:39:16+00:00\",\"dateModified\":\"2026-01-08T13:01:28+00:00\",\"description\":\"Du kan ta deg til V\u00e4der\u00f6arna, en \u00f8y utenfor Fj\u00e4llbacka, med b\u00e5tene v\u00e5re. Les mer p\u00e5 denne siden om hvordan du reiser med b\u00e5t til V\u00e6r\u00f8yene.\",\"inLanguage\":\"nb-NO\",\"potentialAction\":[{\"@type\":\"ReadAction\",\"target\":[\"https:\\\/\\\/www.vaderoarna.com\\\/no\\\/reise-til-oya\\\/\"]}]},{\"@type\":\"ImageObject\",\"inLanguage\":\"nb-NO\",\"@id\":\"https:\\\/\\\/www.vaderoarna.com\\\/no\\\/reise-til-oya\\\/#primaryimage\",\"url\":\"https:\\\/\\\/www.vaderoarna.com\\\/wp-content\\\/uploads\\\/2023\\\/10\\\/vaderoarna_karta.png\",\"contentUrl\":\"https:\\\/\\\/www.vaderoarna.com\\\/wp-content\\\/uploads\\\/2023\\\/10\\\/vaderoarna_karta.png\"},{\"@type\":\"WebSite\",\"@id\":\"https:\\\/\\\/www.vaderoarna.com\\\/no\\\/#website\",\"url\":\"https:\\\/\\\/www.vaderoarna.com\\\/no\\\/\",\"name\":\"V\u00e4der\u00d6arna\",\"description\":\"\",\"potentialAction\":[{\"@type\":\"SearchAction\",\"target\":{\"@type\":\"EntryPoint\",\"urlTemplate\":\"https:\\\/\\\/www.vaderoarna.com\\\/no\\\/?s={search_term_string}\"},\"query-input\":{\"@type\":\"PropertyValueSpecification\",\"valueRequired\":true,\"valueName\":\"search_term_string\"}}],\"inLanguage\":\"nb-NO\"}]}<\/script>\n<!-- \/ Yoast SEO plugin. -->","yoast_head_json":{"title":"B\u00e5t til V\u00e6r\u00f8yene | \u00d8ya utenfor Fj\u00e4llbacka | V\u00e4der\u00f6arna","description":"Du kan ta deg til V\u00e4der\u00f6arna, en \u00f8y utenfor Fj\u00e4llbacka, med b\u00e5tene v\u00e5re. Les mer p\u00e5 denne siden om hvordan du reiser med b\u00e5t til V\u00e6r\u00f8yene.","robots":{"index":"index","follow":"follow","max-snippet":"max-snippet:-1","max-image-preview":"max-image-preview:large","max-video-preview":"max-video-preview:-1"},"canonical":"https:\/\/www.vaderoarna.com\/no\/reise-til-oya\/","og_locale":"nb_NO","og_type":"article","og_title":"B\u00e5t til V\u00e6r\u00f8yene | \u00d8ya utenfor Fj\u00e4llbacka | V\u00e4der\u00f6arna","og_description":"Du kan ta deg til V\u00e4der\u00f6arna, en \u00f8y utenfor Fj\u00e4llbacka, med b\u00e5tene v\u00e5re. Les mer p\u00e5 denne siden om hvordan du reiser med b\u00e5t til V\u00e6r\u00f8yene.","og_url":"https:\/\/www.vaderoarna.com\/no\/reise-til-oya\/","og_site_name":"V\u00e4der\u00d6arna","article_modified_time":"2026-01-08T13:01:28+00:00","og_image":[{"width":800,"height":464,"url":"https:\/\/www.vaderoarna.com\/wp-content\/uploads\/2023\/10\/vaderoarna_karta.png","type":"image\/png"}],"twitter_card":"summary_large_image","twitter_misc":{"Ansl. lesetid":"5 minutter"},"schema":{"@context":"https:\/\/schema.org","@graph":[{"@type":"WebPage","@id":"https:\/\/www.vaderoarna.com\/no\/reise-til-oya\/","url":"https:\/\/www.vaderoarna.com\/no\/reise-til-oya\/","name":"B\u00e5t til V\u00e6r\u00f8yene | \u00d8ya utenfor Fj\u00e4llbacka | V\u00e4der\u00f6arna","isPartOf":{"@id":"https:\/\/www.vaderoarna.com\/no\/#website"},"primaryImageOfPage":{"@id":"https:\/\/www.vaderoarna.com\/no\/reise-til-oya\/#primaryimage"},"image":{"@id":"https:\/\/www.vaderoarna.com\/no\/reise-til-oya\/#primaryimage"},"thumbnailUrl":"https:\/\/www.vaderoarna.com\/wp-content\/uploads\/2023\/10\/vaderoarna_karta.png","datePublished":"2023-10-23T14:39:16+00:00","dateModified":"2026-01-08T13:01:28+00:00","description":"Du kan ta deg til V\u00e4der\u00f6arna, en \u00f8y utenfor Fj\u00e4llbacka, med b\u00e5tene v\u00e5re. Les mer p\u00e5 denne siden om hvordan du reiser med b\u00e5t til V\u00e6r\u00f8yene.","inLanguage":"nb-NO","potentialAction":[{"@type":"ReadAction","target":["https:\/\/www.vaderoarna.com\/no\/reise-til-oya\/"]}]},{"@type":"ImageObject","inLanguage":"nb-NO","@id":"https:\/\/www.vaderoarna.com\/no\/reise-til-oya\/#primaryimage","url":"https:\/\/www.vaderoarna.com\/wp-content\/uploads\/2023\/10\/vaderoarna_karta.png","contentUrl":"https:\/\/www.vaderoarna.com\/wp-content\/uploads\/2023\/10\/vaderoarna_karta.png"},{"@type":"WebSite","@id":"https:\/\/www.vaderoarna.com\/no\/#website","url":"https:\/\/www.vaderoarna.com\/no\/","name":"V\u00e4der\u00d6arna","description":"","potentialAction":[{"@type":"SearchAction","target":{"@type":"EntryPoint","urlTemplate":"https:\/\/www.vaderoarna.com\/no\/?s={search_term_string}"},"query-input":{"@type":"PropertyValueSpecification","valueRequired":true,"valueName":"search_term_string"}}],"inLanguage":"nb-NO"}]}},"publishpress_future_action":{"enabled":false,"date":"2026-09-13 14:46:10","action":"change-status","newStatus":"draft","terms":[],"taxonomy":"post_tag","extraData":[]},"publishpress_future_workflow_manual_trigger":{"enabledWorkflows":[]},"_links":{"self":[{"href":"https:\/\/www.vaderoarna.com\/no\/wp-json\/wp\/v2\/pages\/3442","targetHints":{"allow":["GET"]}}],"collection":[{"href":"https:\/\/www.vaderoarna.com\/no\/wp-json\/wp\/v2\/pages"}],"about":[{"href":"https:\/\/www.vaderoarna.com\/no\/wp-json\/wp\/v2\/types\/page"}],"author":[{"embeddable":true,"href":"https:\/\/www.vaderoarna.com\/no\/wp-json\/wp\/v2\/users\/2"}],"replies":[{"embeddable":true,"href":"https:\/\/www.vaderoarna.com\/no\/wp-json\/wp\/v2\/comments?post=3442"}],"version-history":[{"count":11,"href":"https:\/\/www.vaderoarna.com\/no\/wp-json\/wp\/v2\/pages\/3442\/revisions"}],"predecessor-version":[{"id":7476,"href":"https:\/\/www.vaderoarna.com\/no\/wp-json\/wp\/v2\/pages\/3442\/revisions\/7476"}],"wp:attachment":[{"href":"https:\/\/www.vaderoarna.com\/no\/wp-json\/wp\/v2\/media?parent=3442"}],"wp:term":[{"taxonomy":"post_tag","embeddable":true,"href":"https:\/\/www.vaderoarna.com\/no\/wp-json\/wp\/v2\/tags?post=3442"}],"curies":[{"name":"wp","href":"https:\/\/api.w.org\/{rel}","templated":true}]}}